{"id":95,"date":"2021-08-02T12:51:16","date_gmt":"2021-08-02T10:51:16","guid":{"rendered":"https:\/\/www.wprenter.com\/gazdagretinfo\/?page_id=1"},"modified":"2021-08-02T12:51:16","modified_gmt":"2021-08-02T10:51:16","slug":"hello-szomszed","status":"publish","type":"page","link":"https:\/\/varosinfo.hu\/gazdagret\/hello-szomszed\/","title":{"rendered":"Hell\u00f3 Szomsz\u00e9d!"},"content":{"rendered":"\n<p><strong>A <em>Telep\u00fcl\u00e9sinfo.hu\/Gazdagr\u00e9t<\/em> weboldal egy Gazdagr\u00e9t \u00e9s k\u00f6rny\u00e9ki (Hossz\u00far\u00e9t, Mad\u00e1rhegy, Sasad, Spanyolr\u00e9t<\/strong>)<strong> v\u00e1llalkoz\u00e1sokat, szolg\u00e1ltat\u00e1sokat \u00e9s tov\u00e1bbi hasznos \u00e9s fontos inform\u00e1ci\u00f3kat \u00f6sszefoglal\u00f3 t\u00e1j\u00e9koztat\u00f3 gy\u0171jt\u0151oldal. A sz\u00e9les k\u00f6r\u0171 \u00e9s pontos, naprak\u00e9sz adatok megl\u00e9t\u00e9\u00e9rt a megjelen\u00e9s minden \u00fczlet sz\u00e1m\u00e1ra d\u00edjmentes.<\/strong><\/p>\n\n\n\n<p>Az oldalon bel\u00fcli navig\u00e1ci\u00f3hoz, az inform\u00e1ci\u00f3k el\u00e9r\u00e9s\u00e9hez haszn\u00e1lja a Men\u00fcpontokat. K\u00f6sz\u00f6n\u00fcnk minden visszajelz\u00e9st \u00e9s javaslatot, mellyel jobb\u00e1 tehetj\u00fck az oldalt!<\/p>\n\n\n\n<blockquote class=\"wp-block-quote is-layout-flow wp-block-quote-is-layout-flow\"><p>100% hasznos inform\u00e1ci\u00f3: Gazdagr\u00e9t, Hossz\u00far\u00e9t, Mad\u00e1rhegy, Sasad, Spanyolr\u00e9t, \u0150rmez\u0151.<\/p><\/blockquote>\n\n\n\n<figure class=\"wp-block-image size-full\"><img loading=\"lazy\" decoding=\"async\" width=\"1000\" height=\"562\" src=\"https:\/\/gazdagret.varosinfo.hu\/wp-content\/uploads\/sites\/8\/2021\/08\/gazdagret-fb-csoport-toth-peter-8.jpeg\" alt=\"\" class=\"wp-image-8\" srcset=\"https:\/\/varosinfo.hu\/gazdagret\/wp-content\/uploads\/sites\/2\/2021\/08\/gazdagret-fb-csoport-toth-peter-8.jpeg 1000w, https:\/\/varosinfo.hu\/gazdagret\/wp-content\/uploads\/sites\/2\/2021\/08\/gazdagret-fb-csoport-toth-peter-8-768x432.jpeg 768w\" sizes=\"auto, (max-width: 1000px) 100vw, 1000px\" \/><\/figure>\n\n\n\n<p>Gazdagr\u00e9t Budapest budai oldal\u00e1n tal\u00e1lhat\u00f3, a XI. ker\u00fclet (\u00dajbuda) Buda\u00f6rsh\u00f6z k\u00f6zel es\u0151 r\u00e9sze, az egykori Szomsz\u00e9dok sorozat sz\u00ednhelye.<\/p>\n\n\n<p>XI. ker\u00fclet<br \/><!-- \/wp:post-content --> <!-- wp:heading {\"level\":4} --><br \/>Gazdagr\u00e9t<br \/>Eg\u00e9szs\u00e9g\u00fcgy<br \/>Dr. Gyulai Zolt\u00e1n<br \/>+3612463365, gazdagret11-kukac-gmail.com *<\/p>\n<p>h\u00e9tf\u0151, szerda, p\u00e1ros h\u00e9t p\u00e9ntek: 16:00 &#8211; 20:00<br \/>kedd, cs\u00fct\u00f6rt\u00f6k, p\u00e1ratlan h\u00e9t p\u00e9ntek: 8:00 &#8211; 12:00<\/p>\n<p>* recept \u00e9s beutal\u00f3 ig\u00e9nyl\u00e9s\u00e9re lehet\u0151s\u00e9get adnak telefonon \u00e9s e-mailben, de az e-mail az el\u0151ny\u00f6sebb<br \/>V\u00e1llalkoz\u00e1sok<br \/><!-- \/wp:heading --> <!-- wp:paragraph --><\/p>\n<p><strong>Br\u00fatusz \u00e1llatorvosi rendel\u0151<\/strong><br \/>Dr. H\u00e1bor Kriszti\u00e1n \u00e1llatorvos<br \/>+36705774556<\/p>\n<p>Nyitvatart\u00e1s:<\/p>\n<p>h\u00e9tf\u0151, szerda, cs\u00fct\u00f6rt\u00f6k, p\u00e9ntek: 9:00 &#8211; 12:00 \u00e9s 17:00 &#8211; 20:00<br \/>kedd, szombat: 9:00 &#8211; 12:00<\/p>\n<p><strong>Szerencs\u00e9s k\u00ednai \u00e9tterem<\/strong><\/p>\n<p><!-- \/wp:paragraph --> <!-- wp:paragraph --><\/p>\n<p>Nyitvatart\u00e1s:<\/p>\n<p><!-- \/wp:paragraph --> <!-- wp:list --><\/p>\n<p>h\u00e9tf\u0151-p\u00e9ntek: 10:00-21:00<br \/>szombat: 10:00-18:00<br \/>vas\u00e1rnap: 10:00-16:00<\/p>\n<p><!-- \/wp:list --> <!-- wp:heading --><br \/>XV. ker\u00fclet<br \/><!-- \/wp:heading --> <!-- wp:heading {\"level\":4} --><br \/>V\u00e1llalkoz\u00e1sok<br \/><!-- \/wp:heading --> <!-- wp:paragraph --><\/p>\n<p><strong>Hanol<\/strong><br \/>Red\u0151ny, reluxa, sz\u00fanyogh\u00e1l\u00f3, szalagf\u00fcgg\u00f6ny, napellenz\u0151, ablak, erk\u00e9lyajt\u00f3, bej\u00e1rati ajt\u00f3, ablakszigetel\u00e9s.<\/p>\n<p>\u00dczlet: Budapest, Lehel utca 8.<br \/>Telefon: +36203545125, +3613073176<br \/>E-mail: info-kukac-hanol.hu<br \/>Web: <a href=\"http:\/\/www.hanol.hu\">www.hanol.hu<\/a><\/p>","protected":false},"excerpt":{"rendered":"<p>A Telep\u00fcl\u00e9sinfo.hu\/Gazdagr\u00e9t weboldal egy Gazdagr\u00e9t \u00e9s k\u00f6rny\u00e9ki (Hossz\u00far\u00e9t, Mad\u00e1rhegy, Sasad, Spanyolr\u00e9t) v\u00e1llalkoz\u00e1sokat, szolg\u00e1ltat\u00e1sokat \u00e9s tov\u00e1bbi&#8230;<\/p>\n","protected":false},"author":1,"featured_media":8,"parent":0,"menu_order":0,"comment_status":"closed","ping_status":"closed","template":"","meta":{"footnotes":""},"class_list":["post-95","page","type-page","status-publish","has-post-thumbnail","hentry"],"_links":{"self":[{"href":"https:\/\/varosinfo.hu\/gazdagret\/wp-json\/wp\/v2\/pages\/95","targetHints":{"allow":["GET"]}}],"collection":[{"href":"https:\/\/varosinfo.hu\/gazdagret\/wp-json\/wp\/v2\/pages"}],"about":[{"href":"https:\/\/varosinfo.hu\/gazdagret\/wp-json\/wp\/v2\/types\/page"}],"author":[{"embeddable":true,"href":"https:\/\/varosinfo.hu\/gazdagret\/wp-json\/wp\/v2\/users\/1"}],"replies":[{"embeddable":true,"href":"https:\/\/varosinfo.hu\/gazdagret\/wp-json\/wp\/v2\/comments?post=95"}],"version-history":[{"count":0,"href":"https:\/\/varosinfo.hu\/gazdagret\/wp-json\/wp\/v2\/pages\/95\/revisions"}],"wp:featuredmedia":[{"embeddable":true,"href":"https:\/\/varosinfo.hu\/gazdagret\/wp-json\/wp\/v2\/media\/8"}],"wp:attachment":[{"href":"https:\/\/varosinfo.hu\/gazdagret\/wp-json\/wp\/v2\/media?parent=95"}],"curies":[{"name":"wp","href":"https:\/\/api.w.org\/{rel}","templated":true}]}}